{"id":34,"date":"2017-03-13T13:59:05","date_gmt":"2017-03-13T12:59:05","guid":{"rendered":"http:\/\/www.ciclisticacecina.com\/ciclostorica\/?page_id=34"},"modified":"2021-02-26T17:27:21","modified_gmt":"2021-02-26T16:27:21","slug":"regolamento","status":"publish","type":"page","link":"https:\/\/www.ciclisticacecina.com\/ciclostorica\/regolamento\/","title":{"rendered":"Regolamento"},"content":{"rendered":"<p>La pratica dell\u2019attivit\u00e0 cicloturistica \u00e8 consentita ai tesserati di tutte le categorie federali, di ambo i sessi, a partire dal 13\u00b0 anno d\u2019et\u00e0 (anno solare), cicloturisti tesserati, F.C.I. o Enti di Promozione Sportiva riconosciuti dal CONI, in regola con il tesseramento 2021.<\/p>\n<p>Per poter partecipare alla Ciclostorica L\u2019OMINO di FERRO CECINA \u00e8 necessario utilizzare una bicicletta d\u2019epoca o di ispirazione storica, bici da corsa su strada costruite fino al 1987 incluso. Abbigliamento d\u2019epoca o d\u2019ispirazione, ovvero maglie e calzoncini di lana, evitando di mettere in vista indumenti con materiali tecnici di recente manifattura. La partecipazione alla Marathon Vintage VAL DI CECINA, \u00e8 aperta con ogni tipo di bicicletta e qualsiasi tipo di abbigliamento, seguendo lo spirito del ciclismo d\u2019altri tempi.<\/p>\n<p>La partecipazione alla pedalata ecologica IL CECINESE \u00e8 aperta a tutti i soggetti a partire dai 6 anni (i minori di 13 anni devono essere accompagnati da un adulto) e con ogni tipo di bicicletta.<\/p>\n<p>Sono previsti tre percorsi:<\/p>\n<ol>\n<li><strong>Ciclostorica L\u2019Omino di Ferro Cecina di km 55,00<\/strong> riservata ai tesserati F.C.I. e agli Enti di Promozione Sportiva che hanno sottoscritto la convenzione per l\u2019anno 2021;<\/li>\n<li><strong>Marathon Vintage Val di Cecina di km 88,00<\/strong> riservato ai ciclosportivi e cicloamatori tesserati F.C.I. e agli Enti di Promozione Sportiva che hanno sottoscritto la convenzione per l\u2019anno 2021;<\/li>\n<li><strong>Pedalata ecologica Il Cecinese di km 10,00<\/strong> aperta a tutti i soggetti a partire dai 6 anni (i minori di 13 anni devono essere accompagnati da un adulto);<\/li>\n<\/ol>\n<p>Sui percorsi saranno previsti dei ristori, dove riposare, mangiare e bere prodotti del territorio.<\/p>\n<p>Importante: Ciclostorica L\u2019Omino di Ferro Cecina e Marathon Vintage Val di Cecina sono <strong>PASSEGGIATE IN LIBERA ESCURSIONE<\/strong> su strade asfaltate e\u00a0strade bianche, tutto il percorso sar\u00e0 sempre aperto al traffico e pertanto \u00e8 obbligatorio per tutti i\u00a0partecipanti il rispetto del Codice della Strada.<\/p>\n<p>Nella Marathon Vintage Val di Cecina l\u2019utilizzo del casco di sicurezza omologato \u00e8 obbligatorio, nella Ciclostorica L\u2019Omino di Ferro Cecina per quanto riguarda l\u2019utilizzo del casco di sicurezza omologato, questo \u00e8 l\u2019unico accessorio odierno di cui \u00e8 consentito e vivamente consigliato l\u2019utilizzo.<\/p>\n<h4>GADGET E RICONOSCIMENTI<\/h4>\n<p>Per gli iscritti alla Ciclostorica L\u2019Omino di Ferro Cecina e Marathon Vintage Val di Cecina sono previsti gadget che saranno consegnati insieme ai numeri identificativi, ristori lungo i percorsi e pasta party finale.<br \/>\nSaranno assegnati premi speciali: \u201ccoerenza storica in bicicletta\u201d \u2013 \u201celeganza in bicicletta\u201d ecc. ecc.<\/p>\n<h4>ASSISTENZA<\/h4>\n<p>Per i partecipanti alla manifestazione in caso di guasto meccanico della bicicletta, \u00e8 prevista assistenza per il recupero del mezzo e del concorrente telefonando al numero 3476303549. L\u2019automezzo assistenza segue i partecipanti in coda all\u2019ultimo gruppo.<\/p>\n<h4>REGOLAMENTO SPECIALE PEDALATA ECOLOGICA IL CECINESE<\/h4>\n<p>In collaborazione con Associazione culturale Italia With Love, andremo a divulgare la cultura ciclistica, scoprendo le bellezze del nostro comune.<br \/>\nIl percorso di circa 10 km con tappa degustativa intermedia, sar\u00e0 a marcia guidata a bassa velocit\u00e0, adatto anche ai pedalatori non allenati.<br \/>\nSaranno assegnati premi speciali con tema \u201celeganza in bicicletta\u201d.<br \/>\nChi intende beneficiare del pasta party finale \u00e8 ben accettato, il costo suppletivo \u00e8 \u20ac 5,00.<\/p>\n<h4>ANNULLAMENTO GARA<\/h4>\n<p>La manifestazione si svolger\u00e0 con qualsiasi condizione atmosferica salvo casi particolari che vadano a mettere a serio rischio l\u2019incolumit\u00e0 dei concorrenti o in caso di calamit\u00e0 naturali (e comunque per cause non imputabili all\u2019organizzazione). In tal caso l\u2019importo di partecipazione non verr\u00e0 n\u00e9 rimborsato, n\u00e9 riconosciuto per l\u2019anno seguente.<\/p>\n","protected":false},"excerpt":{"rendered":"<p>La pratica dell\u2019attivit\u00e0 cicloturistica \u00e8 consentita ai tesserati di tutte le categorie federali, di ambo i sessi, a partire dal 13\u00b0 anno d\u2019et\u00e0 (anno solare), cicloturisti tesserati, F.C.I. o Enti di Promozione Sportiva riconosciuti dal CONI, in regola con il tesseramento 2021. Per poter partecipare alla Ciclostorica L\u2019OMINO di FERRO &hellip;<\/p>\n","protected":false},"author":1,"featured_media":0,"parent":0,"menu_order":0,"comment_status":"closed","ping_status":"closed","template":"","meta":[],"_links":{"self":[{"href":"https:\/\/www.ciclisticacecina.com\/ciclostorica\/wp-json\/wp\/v2\/pages\/34"}],"collection":[{"href":"https:\/\/www.ciclisticacecina.com\/ciclostorica\/wp-json\/wp\/v2\/pages"}],"about":[{"href":"https:\/\/www.ciclisticacecina.com\/ciclostorica\/wp-json\/wp\/v2\/types\/page"}],"author":[{"embeddable":true,"href":"https:\/\/www.ciclisticacecina.com\/ciclostorica\/wp-json\/wp\/v2\/users\/1"}],"replies":[{"embeddable":true,"href":"https:\/\/www.ciclisticacecina.com\/ciclostorica\/wp-json\/wp\/v2\/comments?post=34"}],"version-history":[{"count":13,"href":"https:\/\/www.ciclisticacecina.com\/ciclostorica\/wp-json\/wp\/v2\/pages\/34\/revisions"}],"predecessor-version":[{"id":205,"href":"https:\/\/www.ciclisticacecina.com\/ciclostorica\/wp-json\/wp\/v2\/pages\/34\/revisions\/205"}],"wp:attachment":[{"href":"https:\/\/www.ciclisticacecina.com\/ciclostorica\/wp-json\/wp\/v2\/media?parent=34"}],"curies":[{"name":"wp","href":"https:\/\/api.w.org\/{rel}","templated":true}]}}